{"id":430,"date":"2022-05-17T16:06:42","date_gmt":"2022-05-17T14:06:42","guid":{"rendered":"http:\/\/information-crise-sanitaire.ricod.net\/?page_id=430"},"modified":"2022-07-11T11:18:28","modified_gmt":"2022-07-11T09:18:28","slug":"presentation","status":"publish","type":"page","link":"http:\/\/information-crise-sanitaire.ricod.net\/index.php\/presentation\/","title":{"rendered":"Pr\u00e9sentation"},"content":{"rendered":"\t\t<div data-elementor-type=\"wp-page\" data-elementor-id=\"430\" class=\"elementor elementor-430\">\n\t\t\t\t\t\t\t\t\t<section class=\"elementor-section elementor-top-section elementor-element elementor-element-49be1a0c elementor-section-boxed elementor-section-height-default elementor-section-height-default\" data-id=\"49be1a0c\" data-element_type=\"section\">\n\t\t\t\t\t\t<div class=\"elementor-container elementor-column-gap-default\">\n\t\t\t\t\t<div class=\"elementor-column elementor-col-100 elementor-top-column elementor-element elementor-element-46cb7f0c\" data-id=\"46cb7f0c\" data-element_type=\"column\">\n\t\t\t<div class=\"elementor-widget-wrap elementor-element-populated\">\n\t\t\t\t\t\t\t\t<div class=\"elementor-element elementor-element-7d9b27b8 elementor-widget elementor-widget-text-editor\" data-id=\"7d9b27b8\" data-element_type=\"widget\" data-widget_type=\"text-editor.default\">\n\t\t\t\t<div class=\"elementor-widget-container\">\n\t\t\t<style>\/*! elementor - v3.6.6 - 08-06-2022 *\/\n.elementor-widget-text-editor.elementor-drop-cap-view-stacked .elementor-drop-cap{background-color:#818a91;color:#fff}.elementor-widget-text-editor.elementor-drop-cap-view-framed .elementor-drop-cap{color:#818a91;border:3px solid;background-color:transparent}.elementor-widget-text-editor:not(.elementor-drop-cap-view-default) .elementor-drop-cap{margin-top:8px}.elementor-widget-text-editor:not(.elementor-drop-cap-view-default) .elementor-drop-cap-letter{width:1em;height:1em}.elementor-widget-text-editor .elementor-drop-cap{float:left;text-align:center;line-height:1;font-size:50px}.elementor-widget-text-editor .elementor-drop-cap-letter{display:inline-block}<\/style>\t\t\t\t<p><!-- wp:heading {\"style\":{\"color\":{\"text\":\"#02037d\"}}} --><\/p>\n<h2 class=\"has-text-color\" style=\"color: #02037d;\"><strong>Enjeux<strong> info-communicationnels d\u2019une d\u00e9mocratie sanitaire<\/strong><\/strong>.<\/h2>\n<p><!-- \/wp:heading --><\/p>\n<p><!-- wp:paragraph --><\/p>\n<p><span style=\"color: #808080;\"><strong>R\u00e9sum\u00e9 du projet<\/strong><\/span><\/p>\n<p><!-- \/wp:paragraph --><\/p>\n<p><!-- wp:paragraph --><\/p>\n<p>Depuis la fin du XXe si\u00e8cle, que ce soit dans le cadre de campagnes de pr\u00e9vention en sant\u00e9 ou de gestion des crises sanitaires (affaire du sang contamin\u00e9, vaccin de la grippe H1N1, ou encore de l\u2019\u00e9pid\u00e9mie de Covid), la communication en sant\u00e9 est devenue le mode de gouvernement privil\u00e9gi\u00e9 des rapports souvent controvers\u00e9s entre l\u2019action publique, l\u2019expertise m\u00e9dicale et scientifique, les int\u00e9r\u00eats \u00e9conomiques et les citoyens (Ollivier-Yaniv, 2015). Ce mode de gouvernementalit\u00e9 tend \u00e0 se g\u00e9n\u00e9raliser, notamment pendant la crise du Covid, des \u00ab r\u00e8glementations prophylactiques dissuasives \u00bb (Zacklad, 2022) correspondant \u00e0 la mise en place de syst\u00e8mes l\u00e9gislatifs et r\u00e9glementaires de contrainte et d\u2019interdiction visant \u00e0 auto-conditionner le public pour le prot\u00e9ger des risques sanitaires dans la diversit\u00e9 des situations rencontr\u00e9es. A bien des \u00e9gards, la crise du Covid t\u00e9moigne de cet usage de plus en plus pr\u00e9gnant de la communication persuasive (Castel, 2020) et de la r\u00e9glementation prophylactique dissuasive par les pouvoirs publics faisant \u00ab\u202fappel \u00e0 la peur\u202f\u00bb (Blond\u00e9, et al., 2016), \u00e0 la culpabilit\u00e9 et aux contraintes administratives et l\u00e9gales pour inciter\u202fles citoyens \u00e0 changer leur comportement.<\/p>\n<p>L\u2019objectif de cette recherche est de montrer comment ces deux outils mises en oeuvre au travers des politiques publiques de sant\u00e9 s\u2019inscrivent dans un tournant comportementaliste de la conception des dispositifs info-communicationnels<a id=\"_ftnref1\" href=\"#_ftn1\"><sup>[1]<\/sup><\/a> (Arruabarrena, 2022) dans leur versant communicationnel et r\u00e9glementaire. Selon les approches transactionnelles et dispositives de la communication (p.e Zacklad 2020), les dispositifs d\u2019influence m\u00e9diatique et les dispositifs r\u00e9glementaires prophylactiques rel\u00e8vent tous les deux de processus info-communicationnel. Ils se relaient d\u2019ailleurs mutuellement : la r\u00e8glementation dissuasive n\u2019a pas d\u2019effectivit\u00e9 si elle n\u2019est pas m\u00e9diatis\u00e9e et la communication d\u2019influence contribue \u00e0 l\u2019acceptabilit\u00e9 des r\u00e8glementations prophylactiques dissuasives. La communication persuasive via des campagne publicitaire comme la communication r\u00e8glementaire produisent des effets contraignants ou coercitifs sur les comportements. Mais alors que la premi\u00e8re s\u2019appuie sur des effets de r\u00e9putation visant \u00e0 mobiliser la contrainte communautaire, la seconde s\u2019appuie sur la repr\u00e9sentation des institutions \u00e9tatiques et peut mobiliser la contrainte p\u00e9nale (les amendes). Les campagnes pour le tabagisme en fournissent un parfait exemple, le dispositif info-communicationnel est bi-face, \u00e0 la fois r\u00e9putationnel et r\u00e9glementaire. Ces deux outils mobilis\u00e9s par les pouvoir publics rel\u00e8vent d\u2019une vision comportementaliste privil\u00e9giant le conditionnement \u00e0 la d\u00e9lib\u00e9ration et \u00e0 la responsabilisation. La communication persuasive vise \u00e0 exploiter les soi-disant \u00ab biais cognitifs \u00bb des individus pour changer leurs comportements (Bergeron et al., 2018), dont l\u2019attestation de sortie auto-sign\u00e9e pendant la crise du Covid con\u00e7ue sur la base des Nudges est un exemple. Les r\u00e8glementations prophylactiques dissuasives ont pour caract\u00e9ristique de viser le risque z\u00e9ro en contraignant le public par des mesures extr\u00eames et g\u00e9n\u00e9ralis\u00e9es, mais susceptibles d\u2019avoir un effet psychologique conditionnant. Ces mesures, qui assortissent toute transgression de lourdes sanctions, ont comme caract\u00e9ristique de ne laisser aucune marge d\u2019appr\u00e9ciation aux acteurs sur la dangerosit\u00e9 des situations en regard de leur propre balance b\u00e9n\u00e9fice-risque<a id=\"_ftnref2\" href=\"#_ftn2\">[2]<\/a>.<\/p>\n<p><!-- \/wp:paragraph --><\/p>\n<p><!-- wp:paragraph --><\/p>\n<p><!-- \/wp:paragraph --><\/p>\n<p><!-- wp:paragraph --><\/p>\n<p>Un des enjeux majeurs soulev\u00e9 par cette recherche est le caract\u00e8re d\u00e9responsabilisant ou d\u00e9capacitant<a id=\"_ftnref3\" href=\"#_ftn3\">[3]<\/a> de ces approches qui fragilise les fondements d\u2019une d\u00e9mocratie sanitaire. En effet, selon Sen (2010), \u00ab\u00a0la responsabilit\u00e9 exige la libert\u00e9\u00a0\u00bb et la libert\u00e9, qui correspond \u00e0 l\u2019approfondissement des conditions de la d\u00e9lib\u00e9ration, \u00ab\u00a0nous rend responsables de nos actes\u00a0\u00bb (Sen, 2010, p.45) ce qui signifie qu\u2019un individu qui ne jouit pas de la capacit\u00e9 de poser un acte ou de prendre une d\u00e9cision ne peut \u00eatre rendu responsable de cette absence d\u2019acte ou d\u00e9cision\u00a0\u00bb (L\u00e9onard, 2012) ni d\u2019ailleurs de la r\u00e9alisation de cet acte ou de cette d\u00e9cision. Pourtant, les dispositifs info-communicationnels constituent un enjeu central dans l\u2019avenir des soci\u00e9t\u00e9s d\u00e9mocratiques contemporaines, non seulement parce qu\u2019ils sont au c\u0153ur de la production des dispositifs de d\u00e9cision et de participation, mais aussi parce que dans leurs agencements, ils constituent des modes d\u2019intervention de l\u2019\u00c9tat sur les individus et plus largement sur la sant\u00e9 humaine, qui peuvent refl\u00e9ter &#8211; en g\u00e9n\u00e9ralisant la persuasion et la r\u00e9glementation prophylactique plut\u00f4t que la d\u00e9lib\u00e9ration et l\u2019\u00e9ducation &#8211; une gestion biopolitique au sens de Foucault (Berlivet, 2015), et n\u00e9o-lib\u00e9rale des enjeux de sant\u00e9 publique (Thanem, 2009).<\/p>\n<p><!-- \/wp:paragraph --><\/p>\n<p><!-- wp:paragraph --><\/p>\n<p>Dans une perspective pragmatique, cette recherche, principalement exploratoire \u00e0 ce stade, s\u2019int\u00e9ressera aux conditions de r\u00e9ception des dispositifs de pr\u00e9vention info-communicationnels et r\u00e9glementaires, notamment en contexte d\u2019\u00e9tat d\u2019urgence, mis en \u0153uvre dans les politiques publiques et la recherche en sant\u00e9. Les r\u00e9sultats attendus \u00e0 terme consistent \u00e0 produire des grilles d\u2019analyse et d\u2019\u00e9valuation interdisciplinaires des dispositifs info-communicationnels, de communication persuasive et pr\u00e9vention prophylactique en sant\u00e9 dans leur capacit\u00e9 \u00e0 soutenir la participation dans un contexte de d\u00e9mocratie sanitaire.<\/p>\n<p><!-- \/wp:paragraph --><\/p>\n<p><!-- wp:separator --><\/p>\n<hr class=\"wp-block-separator\" \/>\n<p><!-- \/wp:separator --><\/p>\n<p><!-- wp:paragraph --><\/p>\n<p><a id=\"_ftn1\" href=\"#_ftnref1\"><sup>[1]<\/sup><\/a>Nous utilisons le concept de dispositif info-communicationnel pour d\u00e9finir l\u2019ensemble des modes de communication, d\u2019information et de r\u00e9glementation qui prennent forme dans les politiques publiques et la recherche en sant\u00e9 (les campagnes d\u2019information pour la pr\u00e9vention, les dispositifs num\u00e9riques de sant\u00e9 : applications, object\u00e9s connect\u00e9es, IA, la r\u00e8glementation prophylactique, etc\u2026), et les application de gestion de la crise sanitaire (sp\u00e9cifiquement au contexte actuel, avec par exemple, les applications \u201cStop Covid\u201d, et \u201cTous anti-Covid\u201d)<\/p>\n<p><!-- \/wp:paragraph --><\/p>\n<p><!-- wp:paragraph --><\/p>\n<p><a id=\"_ftn2\" href=\"#_ftnref2\"><sup>[2]<\/sup><\/a> L\u2019interdiction de sortie g\u00e9n\u00e9ralis\u00e9e de pr\u00e8s de deux mois au d\u00e9but de la crise du Covid, y compris dans des lieux d\u00e9serts, s\u2019appliquant de mani\u00e8re indiff\u00e9renci\u00e9e \u00e0 toute la population et dans toutes les r\u00e9gions quel que soit le niveau de contamination ou de maladie, en constitue un exemple.<\/p>\n<p><!-- \/wp:paragraph --><\/p>\n<p><!-- wp:paragraph --><\/p>\n<p><a id=\"_ftn3\" href=\"#_ftnref3\"><sup>[3]<\/sup><\/a> Si l\u2019on s\u2019inscrit dans la th\u00e9orie de la capacitation d\u2019Amartya Sen (2010).\u00a0<\/p>\n<p><!-- \/wp:paragraph --><\/p>\t\t\t\t\t\t<\/div>\n\t\t\t\t<\/div>\n\t\t\t\t\t<\/div>\n\t\t<\/div>\n\t\t\t\t\t\t\t<\/div>\n\t\t<\/section>\n\t\t\t\t\t\t\t<\/div>\n\t\t","protected":false},"excerpt":{"rendered":"<p>Pr\u00e9sentation Enjeux\u00a0info-communicationnels d\u2019une d\u00e9mocratie sanitaire R\u00e9sum\u00e9 du projet Depuis la fin du XXe si\u00e8cle, que ce soit dans le cadre de campagnes de pr\u00e9vention en sant\u00e9 ou de gestion des crises sanitaires (affaire du sang contamin\u00e9, vaccin de la grippe<\/p>\n","protected":false},"author":3,"featured_media":0,"parent":0,"menu_order":1,"comment_status":"closed","ping_status":"closed","template":"","meta":{"om_disable_all_campaigns":false,"_monsterinsights_skip_tracking":false,"_monsterinsights_sitenote_active":false,"_monsterinsights_sitenote_note":"","_monsterinsights_sitenote_category":0},"_links":{"self":[{"href":"http:\/\/information-crise-sanitaire.ricod.net\/index.php\/wp-json\/wp\/v2\/pages\/430"}],"collection":[{"href":"http:\/\/information-crise-sanitaire.ricod.net\/index.php\/wp-json\/wp\/v2\/pages"}],"about":[{"href":"http:\/\/information-crise-sanitaire.ricod.net\/index.php\/wp-json\/wp\/v2\/types\/page"}],"author":[{"embeddable":true,"href":"http:\/\/information-crise-sanitaire.ricod.net\/index.php\/wp-json\/wp\/v2\/users\/3"}],"replies":[{"embeddable":true,"href":"http:\/\/information-crise-sanitaire.ricod.net\/index.php\/wp-json\/wp\/v2\/comments?post=430"}],"version-history":[{"count":19,"href":"http:\/\/information-crise-sanitaire.ricod.net\/index.php\/wp-json\/wp\/v2\/pages\/430\/revisions"}],"predecessor-version":[{"id":1711,"href":"http:\/\/information-crise-sanitaire.ricod.net\/index.php\/wp-json\/wp\/v2\/pages\/430\/revisions\/1711"}],"wp:attachment":[{"href":"http:\/\/information-crise-sanitaire.ricod.net\/index.php\/wp-json\/wp\/v2\/media?parent=430"}],"curies":[{"name":"wp","href":"https:\/\/api.w.org\/{rel}","templated":true}]}}