{"id":794,"date":"2022-06-13T10:25:04","date_gmt":"2022-06-13T08:25:04","guid":{"rendered":"http:\/\/information-crise-sanitaire.ricod.net\/?page_id=794"},"modified":"2024-05-06T17:13:20","modified_gmt":"2024-05-06T15:13:20","slug":"le-projet-2","status":"publish","type":"page","link":"http:\/\/information-crise-sanitaire.ricod.net\/index.php\/le-projet\/le-projet-2\/","title":{"rendered":"LE PROJET"},"content":{"rendered":"<div class=\"wp-block-image\">\n<figure class=\"aligncenter size-full\" id=\"pr\u00e9sentation\"><img decoding=\"async\" loading=\"lazy\" width=\"1679\" height=\"598\" src=\"http:\/\/information-crise-sanitaire.ricod.net\/wp-content\/uploads\/2022\/06\/DSC00250-scaled-e1655107785506.jpg\" alt=\"\" class=\"wp-image-613\" srcset=\"http:\/\/information-crise-sanitaire.ricod.net\/wp-content\/uploads\/2022\/06\/DSC00250-scaled-e1655107785506.jpg 1679w, http:\/\/information-crise-sanitaire.ricod.net\/wp-content\/uploads\/2022\/06\/DSC00250-scaled-e1655107785506-300x107.jpg 300w, http:\/\/information-crise-sanitaire.ricod.net\/wp-content\/uploads\/2022\/06\/DSC00250-scaled-e1655107785506-1024x365.jpg 1024w, http:\/\/information-crise-sanitaire.ricod.net\/wp-content\/uploads\/2022\/06\/DSC00250-scaled-e1655107785506-768x274.jpg 768w, http:\/\/information-crise-sanitaire.ricod.net\/wp-content\/uploads\/2022\/06\/DSC00250-scaled-e1655107785506-1536x547.jpg 1536w\" sizes=\"(max-width: 1679px) 100vw, 1679px\" \/><\/figure><\/div>\n\n\n<p><\/p>\n\n\n\n<h2 class=\"has-text-color\" style=\"color:#02037d\"><strong> <strong>Enjeux info-communicationnels d\u2019une d\u00e9mocratie sanitaire<\/strong><\/strong>.<\/h2>\n\n\n\n<p>Ce projet de recherche port\u00e9 par le&nbsp;<a rel=\"noreferrer noopener\" href=\"https:\/\/www.cnam-paris.fr\/\" target=\"_blank\"><strong>CNAM<\/strong><\/a>&nbsp;de Paris et le&nbsp;<a rel=\"noreferrer noopener\" href=\"https:\/\/www.dicen-idf.org\/\" target=\"_blank\"><strong>LABORATOIRE DICEN IDF<\/strong><\/a>&nbsp; est d\u00e9velopp\u00e9 dans le cadre de la plateforme SHS Sant\u00e9 en partenariat avec L\u2019Institut des sciences humaines et sociales du CNRS (<a href=\"https:\/\/www.inshs.cnrs.fr\/fr\/recherche\">https:\/\/www.inshs.cnrs.fr\/fr\/recherche<\/a>) en &nbsp;collaboration avec l\u2019Ined, l\u2019EPHE, l\u2019EHESS et l\u2019Universit\u00e9 Sorbonne Paris Nord, \u00e9tablissements membres du Campus Condorcet, dont un des axes scientifiques&nbsp;est \u00ab&nbsp;Sant\u00e9 publique, Sant\u00e9 mondiale&nbsp;\u00bb. D\u2019autres institutions ext\u00e9rieures au Campus, comme l\u2019EHESP, ou encore le Cnam sont \u00e9galement associ\u00e9es \u00e0 cette plateforme.<\/p>\n\n\n\n<p>Cette recherche \u00ab <strong>Enjeux info-communicationnels d\u2019une d\u00e9mocratie sanitaire&nbsp;\u00bb<\/strong> s\u2019inscrit dans l\u2019axe \u00ab&nbsp;L\u2019engagement des patients et du public dans l\u2019organisation des services, l\u2019\u00e9laboration des politiques publiques et la recherche&nbsp;\u00bb.<\/p>\n\n\n\n<div style=\"height:18px\" aria-hidden=\"true\" class=\"wp-block-spacer\"><\/div>\n\n\n\n<div class=\"is-content-justification-right is-layout-flex wp-container-1 wp-block-buttons\">\n<div class=\"wp-block-button has-custom-width wp-block-button__width-25 has-custom-font-size is-style-outline\" style=\"font-size:14px\"><a class=\"wp-block-button__link has-white-color has-text-color has-background wp-element-button\" href=\"http:\/\/information-crise-sanitaire.ricod.net\/index.php\/presentation\/\" style=\"border-radius:7px;background-color:#02037d\" target=\"_blank\" rel=\"noreferrer noopener\">Lire plus &#8230;<\/a><\/div>\n<\/div>\n\n\n\n<div style=\"height:34px\" aria-hidden=\"true\" class=\"wp-block-spacer\"><\/div>\n\n\n\n<hr class=\"wp-block-separator has-text-color has-cyan-bluish-gray-color has-css-opacity has-cyan-bluish-gray-background-color has-background aligncenter is-style-wide\"\/>\n\n\n\n<div style=\"height:64px\" aria-hidden=\"true\" class=\"wp-block-spacer\"><\/div>\n\n\n\n<h2 class=\"has-text-color\" id=\"m\u00e9thodologie\" style=\"color:#02037d\"><strong>M\u00e9thodologie<\/strong><\/h2>\n\n\n\n<div class=\"is-layout-flex wp-container-5 wp-block-columns\">\n<div class=\"is-layout-flow wp-block-column\">\n<p><strong>La m\u00e9thodologie d\u2019enqu\u00eate<\/strong>&nbsp;s\u2019appuie sur une exploration assez large des v\u00e9cus et des ressentis des citoyens face \u00e0 la crise sanitaire et, de ces effets selon les modalit\u00e9s info-communicationnelles utilis\u00e9es sur des publics.<\/p>\n\n\n\n<p>La recherche s\u2019est principalement focalis\u00e9e sur un public jeune qui a \u00e9t\u00e9 particuli\u00e8rement cibl\u00e9 par les campagnes de pr\u00e9vention, sans exclure une comparaison avec un groupe plus \u00e2g\u00e9, en travaillant sur un \u00e9chantillon restreint afin d\u2019\u00e9prouver nos hypoth\u00e8ses. Les m\u00e9thodes utilis\u00e9es sont mixtes.<\/p>\n\n\n\n<figure class=\"wp-block-image size-large\"><img decoding=\"async\" loading=\"lazy\" width=\"1024\" height=\"768\" src=\"http:\/\/information-crise-sanitaire.ricod.net\/wp-content\/uploads\/2022\/06\/IMG_4694-1-1024x768.jpg\" alt=\"\" class=\"wp-image-1362\" srcset=\"http:\/\/information-crise-sanitaire.ricod.net\/wp-content\/uploads\/2022\/06\/IMG_4694-1-1024x768.jpg 1024w, http:\/\/information-crise-sanitaire.ricod.net\/wp-content\/uploads\/2022\/06\/IMG_4694-1-300x225.jpg 300w, http:\/\/information-crise-sanitaire.ricod.net\/wp-content\/uploads\/2022\/06\/IMG_4694-1-768x576.jpg 768w, http:\/\/information-crise-sanitaire.ricod.net\/wp-content\/uploads\/2022\/06\/IMG_4694-1-1536x1152.jpg 1536w, http:\/\/information-crise-sanitaire.ricod.net\/wp-content\/uploads\/2022\/06\/IMG_4694-1-2048x1536.jpg 2048w\" sizes=\"(max-width: 1024px) 100vw, 1024px\" \/><\/figure>\n<\/div>\n\n\n\n<div class=\"is-layout-flow wp-block-column\">\n<h2 class=\"has-text-color has-medium-font-size\" style=\"color:#02037d\"><strong>Enqu\u00eate par questionnaire<\/strong><\/h2>\n\n\n\n<figure class=\"wp-block-image size-large\"><img decoding=\"async\" loading=\"lazy\" width=\"1024\" height=\"768\" src=\"http:\/\/information-crise-sanitaire.ricod.net\/wp-content\/uploads\/2022\/06\/IMG_4689-1-1024x768.jpg\" alt=\"\" class=\"wp-image-1354\" srcset=\"http:\/\/information-crise-sanitaire.ricod.net\/wp-content\/uploads\/2022\/06\/IMG_4689-1-1024x768.jpg 1024w, http:\/\/information-crise-sanitaire.ricod.net\/wp-content\/uploads\/2022\/06\/IMG_4689-1-300x225.jpg 300w, http:\/\/information-crise-sanitaire.ricod.net\/wp-content\/uploads\/2022\/06\/IMG_4689-1-768x576.jpg 768w, http:\/\/information-crise-sanitaire.ricod.net\/wp-content\/uploads\/2022\/06\/IMG_4689-1-1536x1152.jpg 1536w, http:\/\/information-crise-sanitaire.ricod.net\/wp-content\/uploads\/2022\/06\/IMG_4689-1-2048x1536.jpg 2048w\" sizes=\"(max-width: 1024px) 100vw, 1024px\" \/><\/figure>\n\n\n\n<p>Un questionnaire con\u00e7u pour&nbsp;<strong>recueillir les v\u00e9cus et les ressentis des citoyens<\/strong>&nbsp;sur la crise COVID (77 r\u00e9pondants) a \u00e9t\u00e9&nbsp;diffus\u00e9 dans un premier temps&nbsp;aupr\u00e8s d\u2019un large public et, dans un second temps, un travail sp\u00e9cifique a \u00e9t\u00e9 effectu\u00e9e aupr\u00e8s d\u2019un \u00e9chantillon plus restreint d\u2019\u00e9tudiants en communication, d\u2019enseignants chercheurs et de leurs proches.&nbsp;<strong>Un large panel de questions ont \u00e9t\u00e9 propos\u00e9es<\/strong>&nbsp;avec des questions ouvertes permettant de recueillir des verbatims des participants.<\/p>\n<\/div>\n\n\n\n<div class=\"is-layout-flow wp-block-column\">\n<h2 class=\"has-text-color has-medium-font-size\" style=\"color:#02037d\"><strong>Ateliers participatifs<\/strong><\/h2>\n\n\n\n<p>Des ateliers participatifs ont \u00e9t\u00e9 men\u00e9s aupr\u00e8s de volontaires selon des m\u00e9thodes de co-design.&nbsp;\u00c0 partir des premiers r\u00e9sultats issus du questionnaire, en s\u2019inscrivant dans&nbsp;<strong>une d\u00e9marche de recherche intervention par le co-design<\/strong>&nbsp;(RICO-D) (Zacklad &amp; Catoir 2021), les participants ont \u00e9t\u00e9 invit\u00e9s \u00e0 co-concevoir en ateliers des outils de communication plus responsabilisant et potentiellement respectueux de leur capacit\u00e9 d\u2019analyse de l\u2019information et de r\u00e9flexion.<\/p>\n\n\n\n<figure class=\"wp-block-image size-large is-resized\"><img decoding=\"async\" loading=\"lazy\" src=\"http:\/\/information-crise-sanitaire.ricod.net\/wp-content\/uploads\/2022\/06\/DSC00317-1024x576.jpg\" alt=\"\" class=\"wp-image-807\" width=\"357\" height=\"201\" srcset=\"http:\/\/information-crise-sanitaire.ricod.net\/wp-content\/uploads\/2022\/06\/DSC00317-1024x576.jpg 1024w, http:\/\/information-crise-sanitaire.ricod.net\/wp-content\/uploads\/2022\/06\/DSC00317-300x169.jpg 300w, http:\/\/information-crise-sanitaire.ricod.net\/wp-content\/uploads\/2022\/06\/DSC00317-768x432.jpg 768w, http:\/\/information-crise-sanitaire.ricod.net\/wp-content\/uploads\/2022\/06\/DSC00317-1536x864.jpg 1536w, http:\/\/information-crise-sanitaire.ricod.net\/wp-content\/uploads\/2022\/06\/DSC00317-2048x1153.jpg 2048w\" sizes=\"(max-width: 357px) 100vw, 357px\" \/><\/figure>\n\n\n\n<p><\/p>\n<\/div>\n<\/div>\n\n\n\n<div class=\"is-content-justification-right is-layout-flex wp-container-6 wp-block-buttons\">\n<div class=\"wp-block-button has-custom-width wp-block-button__width-25 has-custom-font-size is-style-outline\" style=\"font-size:14px\"><a class=\"wp-block-button__link has-white-color has-text-color has-background wp-element-button\" href=\"http:\/\/information-crise-sanitaire.ricod.net\/index.php\/methodologie\/\" style=\"border-radius:7px;background-color:#02037d\" target=\"_blank\" rel=\"noreferrer noopener\">Lire plus &#8230;<\/a><\/div>\n<\/div>\n\n\n\n<div style=\"height:10px\" aria-hidden=\"true\" class=\"wp-block-spacer\"><\/div>\n\n\n\n<div style=\"height:18px\" aria-hidden=\"true\" class=\"wp-block-spacer\"><\/div>\n\n\n\n<hr class=\"wp-block-separator has-text-color has-cyan-bluish-gray-color has-css-opacity has-cyan-bluish-gray-background-color has-background aligncenter is-style-wide\"\/>\n\n\n\n<div style=\"height:55px\" aria-hidden=\"true\" class=\"wp-block-spacer\"><\/div>\n\n\n\n<h2 class=\"has-text-align-center has-text-color\" id=\"\u00e9quipe\" style=\"color:#02037d\"><strong>L&rsquo;\u00e9quipe<\/strong><\/h2>\n\n\n\n<div class=\"is-layout-flex wp-container-15 wp-block-columns\">\n<div class=\"is-layout-flow wp-block-column\">\n<div class=\"is-layout-flex wp-container-9 wp-block-columns\">\n<div class=\"is-layout-flow wp-block-column\"><div class=\"wp-block-image\">\n<figure class=\"aligncenter size-full is-resized\"><img decoding=\"async\" loading=\"lazy\" src=\"http:\/\/information-crise-sanitaire.ricod.net\/wp-content\/uploads\/2022\/06\/Capture-de\u0301cran-2022-06-10-a\u0300-18.46.54.png\" alt=\"\" class=\"wp-image-789\" width=\"200\" height=\"200\" srcset=\"http:\/\/information-crise-sanitaire.ricod.net\/wp-content\/uploads\/2022\/06\/Capture-de\u0301cran-2022-06-10-a\u0300-18.46.54.png 366w, http:\/\/information-crise-sanitaire.ricod.net\/wp-content\/uploads\/2022\/06\/Capture-de\u0301cran-2022-06-10-a\u0300-18.46.54-300x300.png 300w, http:\/\/information-crise-sanitaire.ricod.net\/wp-content\/uploads\/2022\/06\/Capture-de\u0301cran-2022-06-10-a\u0300-18.46.54-150x150.png 150w\" sizes=\"(max-width: 200px) 100vw, 200px\" \/><\/figure><\/div>\n\n\n<p class=\"has-text-align-center has-text-color\" style=\"color:#02037d\"><strong>Manuel ZACKLAD&nbsp;<\/strong><\/p>\n\n\n\n<p class=\"has-text-align-center\"><em>Co-responsable<\/em><\/p>\n\n\n\n<p class=\"has-text-align-center\">Professeur du CNAM<\/p>\n\n\n\n<p class=\"has-text-align-center\">LaboratoireDicen IdF, Paris<\/p>\n<\/div>\n\n\n\n<div class=\"is-layout-flow wp-block-column is-vertically-aligned-center\"><div class=\"wp-block-image\">\n<figure class=\"aligncenter size-full is-resized\"><img decoding=\"async\" loading=\"lazy\" src=\"http:\/\/information-crise-sanitaire.ricod.net\/wp-content\/uploads\/2022\/06\/Bea-ARRUA-copie.png\" alt=\"\" class=\"wp-image-747\" width=\"200\" height=\"200\" srcset=\"http:\/\/information-crise-sanitaire.ricod.net\/wp-content\/uploads\/2022\/06\/Bea-ARRUA-copie.png 792w, http:\/\/information-crise-sanitaire.ricod.net\/wp-content\/uploads\/2022\/06\/Bea-ARRUA-copie-300x300.png 300w, http:\/\/information-crise-sanitaire.ricod.net\/wp-content\/uploads\/2022\/06\/Bea-ARRUA-copie-150x150.png 150w, http:\/\/information-crise-sanitaire.ricod.net\/wp-content\/uploads\/2022\/06\/Bea-ARRUA-copie-768x771.png 768w\" sizes=\"(max-width: 200px) 100vw, 200px\" \/><\/figure><\/div>\n\n\n<p class=\"has-text-align-center has-text-color\" style=\"color:#02037d\"><strong>B\u00e9atrice ARRUABARRENA <\/strong><\/p>\n\n\n\n<p class=\"has-text-align-center\"><em>Co-responsable<\/em><\/p>\n\n\n\n<p class=\"has-text-align-center\">Ma\u00eetre de conf\u00e9rences, CNAM<\/p>\n\n\n\n<p class=\"has-text-align-center\">Laboratoire Dicen IdF, Paris<\/p>\n<\/div>\n<\/div>\n<\/div>\n\n\n\n<div class=\"is-layout-flow wp-block-column\">\n<div class=\"is-layout-flex wp-container-13 wp-block-columns\">\n<div class=\"is-layout-flow wp-block-column\"><div class=\"wp-block-image\">\n<figure class=\"aligncenter size-full is-resized\"><img decoding=\"async\" loading=\"lazy\" src=\"http:\/\/information-crise-sanitaire.ricod.net\/wp-content\/uploads\/2022\/06\/L3-vf.png\" alt=\"\" class=\"wp-image-596\" width=\"200\" height=\"200\" srcset=\"http:\/\/information-crise-sanitaire.ricod.net\/wp-content\/uploads\/2022\/06\/L3-vf.png 373w, http:\/\/information-crise-sanitaire.ricod.net\/wp-content\/uploads\/2022\/06\/L3-vf-300x300.png 300w, http:\/\/information-crise-sanitaire.ricod.net\/wp-content\/uploads\/2022\/06\/L3-vf-150x150.png 150w\" sizes=\"(max-width: 200px) 100vw, 200px\" \/><\/figure><\/div>\n\n\n<p class=\"has-text-align-center has-text-color\" style=\"color:#02037d\"><strong>C\u00e9cile PAYEUR<\/strong><\/p>\n\n\n\n<p><\/p>\n\n\n\n<p class=\"has-text-align-center\">Ma\u00eetre de conf\u00e9rences<\/p>\n\n\n\n<p class=\"has-text-align-center\">Universit\u00e9 Nanterre, Laboratoire Dicen IdF, Paris<\/p>\n<\/div>\n\n\n\n<div class=\"is-layout-flow wp-block-column\"><div class=\"wp-block-image\">\n<figure class=\"aligncenter size-large is-resized\"><img decoding=\"async\" loading=\"lazy\" src=\"http:\/\/information-crise-sanitaire.ricod.net\/wp-content\/uploads\/2022\/07\/DSC00606new-1024x1024.png\" alt=\"\" class=\"wp-image-1714\" width=\"200\" height=\"200\" srcset=\"http:\/\/information-crise-sanitaire.ricod.net\/wp-content\/uploads\/2022\/07\/DSC00606new-1024x1024.png 1024w, http:\/\/information-crise-sanitaire.ricod.net\/wp-content\/uploads\/2022\/07\/DSC00606new-300x300.png 300w, http:\/\/information-crise-sanitaire.ricod.net\/wp-content\/uploads\/2022\/07\/DSC00606new-150x150.png 150w, http:\/\/information-crise-sanitaire.ricod.net\/wp-content\/uploads\/2022\/07\/DSC00606new-768x768.png 768w, http:\/\/information-crise-sanitaire.ricod.net\/wp-content\/uploads\/2022\/07\/DSC00606new-1536x1536.png 1536w, http:\/\/information-crise-sanitaire.ricod.net\/wp-content\/uploads\/2022\/07\/DSC00606new-2048x2048.png 2048w\" sizes=\"(max-width: 200px) 100vw, 200px\" \/><\/figure><\/div>\n\n\n<p class=\"has-text-align-center has-text-color\" style=\"color:#02037d\"><strong>Aline GERARD<\/strong><\/p>\n\n\n\n<p><\/p>\n\n\n\n<p class=\"has-text-align-center\">Charg\u00e9e d\u2019\u00e9tude<\/p>\n\n\n\n<p class=\"has-text-align-center\">Laboratoire Dicen IdF, Paris<\/p>\n<\/div>\n<\/div>\n<\/div>\n<\/div>\n\n\n\n<div class=\"is-layout-flex wp-container-19 wp-block-columns\">\n<div class=\"is-layout-flow wp-block-column\"><div class=\"wp-block-image\">\n<figure class=\"aligncenter size-full is-resized\"><img decoding=\"async\" loading=\"lazy\" src=\"http:\/\/information-crise-sanitaire.ricod.net\/wp-content\/uploads\/2022\/06\/Zaineb.png\" alt=\"\" class=\"wp-image-953\" width=\"200\" height=\"200\" srcset=\"http:\/\/information-crise-sanitaire.ricod.net\/wp-content\/uploads\/2022\/06\/Zaineb.png 960w, http:\/\/information-crise-sanitaire.ricod.net\/wp-content\/uploads\/2022\/06\/Zaineb-300x300.png 300w, http:\/\/information-crise-sanitaire.ricod.net\/wp-content\/uploads\/2022\/06\/Zaineb-150x150.png 150w, http:\/\/information-crise-sanitaire.ricod.net\/wp-content\/uploads\/2022\/06\/Zaineb-768x768.png 768w\" sizes=\"(max-width: 200px) 100vw, 200px\" \/><\/figure><\/div>\n\n\n<p class=\"has-text-align-center has-text-color\" style=\"color:#02037d\"><strong><strong>Zaineb BOUTARBOUCH<\/strong><\/strong><\/p>\n\n\n\n<p class=\"has-text-align-center\">Assistante de recherche<\/p>\n\n\n\n<p class=\"has-text-align-center\"> Laboratoire Dicen IdF, Paris<\/p>\n<\/div>\n\n\n\n<div class=\"is-layout-flow wp-block-column\"><div class=\"wp-block-image\">\n<figure class=\"aligncenter size-large is-resized\"><img decoding=\"async\" loading=\"lazy\" src=\"http:\/\/information-crise-sanitaire.ricod.net\/wp-content\/uploads\/2022\/06\/DSC00318-1024x1024.png\" alt=\"\" class=\"wp-image-748\" width=\"200\" height=\"200\" srcset=\"http:\/\/information-crise-sanitaire.ricod.net\/wp-content\/uploads\/2022\/06\/DSC00318-1024x1024.png 1024w, http:\/\/information-crise-sanitaire.ricod.net\/wp-content\/uploads\/2022\/06\/DSC00318-300x300.png 300w, http:\/\/information-crise-sanitaire.ricod.net\/wp-content\/uploads\/2022\/06\/DSC00318-150x150.png 150w, http:\/\/information-crise-sanitaire.ricod.net\/wp-content\/uploads\/2022\/06\/DSC00318-768x768.png 768w, http:\/\/information-crise-sanitaire.ricod.net\/wp-content\/uploads\/2022\/06\/DSC00318-1536x1536.png 1536w, http:\/\/information-crise-sanitaire.ricod.net\/wp-content\/uploads\/2022\/06\/DSC00318-2048x2048.png 2048w\" sizes=\"(max-width: 200px) 100vw, 200px\" \/><\/figure><\/div>\n\n\n<p class=\"has-text-align-center has-text-color\" style=\"color:#02037d\"><strong><strong>Mehdi IDHEM<\/strong><\/strong><\/p>\n\n\n\n<p class=\"has-text-align-center\">Assistant de recherche<\/p>\n\n\n\n<p class=\"has-text-align-center\">Laboratoire Dicen IdF, Paris<\/p>\n<\/div>\n\n\n\n<div class=\"is-layout-flow wp-block-column\"><div class=\"wp-block-image\">\n<figure class=\"aligncenter size-full is-resized\"><img decoding=\"async\" src=\"http:\/\/information-crise-sanitaire.ricod.net\/wp-content\/uploads\/2022\/06\/IMG_3125-copie.png\" alt=\"\" class=\"wp-image-750\" width=\"200\" srcset=\"http:\/\/information-crise-sanitaire.ricod.net\/wp-content\/uploads\/2022\/06\/IMG_3125-copie.png 925w, http:\/\/information-crise-sanitaire.ricod.net\/wp-content\/uploads\/2022\/06\/IMG_3125-copie-300x300.png 300w, http:\/\/information-crise-sanitaire.ricod.net\/wp-content\/uploads\/2022\/06\/IMG_3125-copie-150x150.png 150w, http:\/\/information-crise-sanitaire.ricod.net\/wp-content\/uploads\/2022\/06\/IMG_3125-copie-768x768.png 768w\" sizes=\"(max-width: 925px) 100vw, 925px\" \/><\/figure><\/div>\n\n\n<p class=\"has-text-align-center has-text-color\" style=\"color:#02037d\"><strong>Manon POUJOL<\/strong><\/p>\n\n\n\n<p class=\"has-text-align-center\">Designeuse d&rsquo;innovation sociale <\/p>\n\n\n\n<p class=\"has-text-align-center\">Studio grains de sable, N\u00eemes<\/p>\n<\/div>\n<\/div>\n\n\n\n<div style=\"height:53px\" aria-hidden=\"true\" class=\"wp-block-spacer\"><\/div>\n\n\n\n<h2 class=\"has-text-color\" style=\"color:#02037d\"><strong><strong>Nos autres projets avec la m\u00e9thode Rico-d<\/strong><\/strong><\/h2>\n\n\n\n<p>Pour en savoir plus sur la m\u00e9thode Rico-D et les projets associ\u00e9s, visitez le site :\u00a0 www.sites.ricod.net<\/p>\n\n\n\n<div class=\"is-content-justification-left is-layout-flex wp-container-20 wp-block-buttons\">\n<div class=\"wp-block-button has-custom-width wp-block-button__width-25 has-custom-font-size is-style-outline\" style=\"font-size:14px\"><a class=\"wp-block-button__link has-white-color has-text-color has-background wp-element-button\" href=\"https:\/\/sites.ricod.net\/\" style=\"border-radius:7px;background-color:#02037d\" target=\"_blank\" rel=\"noreferrer noopener\">Visiter le site<\/a><\/div>\n<\/div>\n\n\n\n<hr class=\"wp-block-separator has-text-color has-cyan-bluish-gray-color has-css-opacity has-cyan-bluish-gray-background-color has-background is-style-wide\"\/>\n\n\n\n<div style=\"height:100px\" aria-hidden=\"true\" class=\"wp-block-spacer\"><\/div>\n","protected":false},"excerpt":{"rendered":"<p>Enjeux info-communicationnels d\u2019une d\u00e9mocratie sanitaire. Ce projet de recherche port\u00e9 par le&nbsp;CNAM&nbsp;de Paris et le&nbsp;LABORATOIRE DICEN IDF&nbsp; est d\u00e9velopp\u00e9 dans le cadre de la plateforme SHS Sant\u00e9 en partenariat avec L\u2019Institut des sciences humaines et sociales du CNRS (https:\/\/www.inshs.cnrs.fr\/fr\/recherche) en<\/p>\n","protected":false},"author":3,"featured_media":0,"parent":312,"menu_order":0,"comment_status":"closed","ping_status":"closed","template":"","meta":{"om_disable_all_campaigns":false,"_monsterinsights_skip_tracking":false,"_monsterinsights_sitenote_active":false,"_monsterinsights_sitenote_note":"","_monsterinsights_sitenote_category":0},"_links":{"self":[{"href":"http:\/\/information-crise-sanitaire.ricod.net\/index.php\/wp-json\/wp\/v2\/pages\/794"}],"collection":[{"href":"http:\/\/information-crise-sanitaire.ricod.net\/index.php\/wp-json\/wp\/v2\/pages"}],"about":[{"href":"http:\/\/information-crise-sanitaire.ricod.net\/index.php\/wp-json\/wp\/v2\/types\/page"}],"author":[{"embeddable":true,"href":"http:\/\/information-crise-sanitaire.ricod.net\/index.php\/wp-json\/wp\/v2\/users\/3"}],"replies":[{"embeddable":true,"href":"http:\/\/information-crise-sanitaire.ricod.net\/index.php\/wp-json\/wp\/v2\/comments?post=794"}],"version-history":[{"count":50,"href":"http:\/\/information-crise-sanitaire.ricod.net\/index.php\/wp-json\/wp\/v2\/pages\/794\/revisions"}],"predecessor-version":[{"id":2077,"href":"http:\/\/information-crise-sanitaire.ricod.net\/index.php\/wp-json\/wp\/v2\/pages\/794\/revisions\/2077"}],"up":[{"embeddable":true,"href":"http:\/\/information-crise-sanitaire.ricod.net\/index.php\/wp-json\/wp\/v2\/pages\/312"}],"wp:attachment":[{"href":"http:\/\/information-crise-sanitaire.ricod.net\/index.php\/wp-json\/wp\/v2\/media?parent=794"}],"curies":[{"name":"wp","href":"https:\/\/api.w.org\/{rel}","templated":true}]}}